{"id":159,"date":"2022-01-15T10:20:15","date_gmt":"2022-01-15T10:20:15","guid":{"rendered":"http:\/\/esmorzarsdeforquilla.cat\/?page_id=159"},"modified":"2025-12-09T15:57:03","modified_gmt":"2025-12-09T15:57:03","slug":"qui-som-nosaltres","status":"publish","type":"page","link":"https:\/\/esmorzarsdeforquilla.cat\/index.php\/qui-som-nosaltres\/","title":{"rendered":"Qui som nosaltres?"},"content":{"rendered":"\n<p>El meu nom \u00e9s <strong>Jonathan i soc un xicot de Lleida<\/strong>. De ben petit m&#8217;he criat amb els esmorzars de forquilla ben presents, ja que el meu pare m&#8217;hi ha dut sempre d&#8217;en\u00e7\u00e0 que era un nen, ja sigui en diferents bars cl\u00e0ssics de Lleida i arreu, com a la torre d&#8217;un amic seu a les afores de la ciutat, el que diem els lleidatans, la nostra estimada horta. Ara fa pocs anys vaig voler plasmar aquesta passi\u00f3 que encara em perdura a les diferents xarxes socials que administro, sumant m\u00e9s de 72.000 &#8220;followers&#8221; entre elles i essent el perfil d<strong>&#8216;Instagram @esmorzarsdeforquilla.cat , la m\u00e9s utilitzada i on acumulo<\/strong> <strong>m\u00e9s de 56.000 seguidors<\/strong>. No hi ha cap de setmana que no gaudim d&#8217;una bona taula amb la millor companyia, ja siguin grans familiars o amics i amigues, a qualsevol indret de Lleida, Catalunya o arreu. Avui dia, <strong>tenim ressenyes &amp; imatges de m\u00e9s de 250 locals de restauraci\u00f3, que podeu veure en el mapa d&#8217;aquest lloc web<\/strong>.<\/p>\n\n\n\n<p><strong>L&#8217;any 2023<\/strong> i durant la famosa &#8220;firaagost&#8221; de Valls, vaig ser guardonat amb el porr\u00f3 d&#8217;or, <strong>com ambaixador del porr\u00f3 catal\u00e0<\/strong>, fita que em va fer molta il\u00b7lusi\u00f3.<\/p>\n\n\n\n<p><strong>Benvinguts esmorzadors &amp; esmorzadores, passeu, gaudirem tots plegats!!<\/strong><\/p>\n\n\n<div class=\"wp-block-image\">\n<figure class=\"aligncenter size-full\"><img loading=\"lazy\" decoding=\"async\" width=\"512\" height=\"512\" src=\"http:\/\/esmorzarsdeforquilla.cat\/wp-content\/uploads\/2022\/01\/cropped-cropped-jonathan-Porro-1.jpg\" alt=\"\" class=\"wp-image-80\" srcset=\"https:\/\/esmorzarsdeforquilla.cat\/wp-content\/uploads\/2022\/01\/cropped-cropped-jonathan-Porro-1.jpg 512w, https:\/\/esmorzarsdeforquilla.cat\/wp-content\/uploads\/2022\/01\/cropped-cropped-jonathan-Porro-1-300x300.jpg 300w, https:\/\/esmorzarsdeforquilla.cat\/wp-content\/uploads\/2022\/01\/cropped-cropped-jonathan-Porro-1-150x150.jpg 150w, https:\/\/esmorzarsdeforquilla.cat\/wp-content\/uploads\/2022\/01\/cropped-cropped-jonathan-Porro-1-270x270.jpg 270w, https:\/\/esmorzarsdeforquilla.cat\/wp-content\/uploads\/2022\/01\/cropped-cropped-jonathan-Porro-1-192x192.jpg 192w, https:\/\/esmorzarsdeforquilla.cat\/wp-content\/uploads\/2022\/01\/cropped-cropped-jonathan-Porro-1-180x180.jpg 180w, https:\/\/esmorzarsdeforquilla.cat\/wp-content\/uploads\/2022\/01\/cropped-cropped-jonathan-Porro-1-32x32.jpg 32w\" sizes=\"auto, (max-width: 512px) 100vw, 512px\" \/><figcaption class=\"wp-element-caption\">Porr\u00f3 catal\u00e0<\/figcaption><\/figure>\n<\/div>","protected":false},"excerpt":{"rendered":"<p>El meu nom \u00e9s Jonathan i soc un xicot de Lleida. De ben petit m&#8217;he criat amb els esmorzars de forquilla ben presents, ja que el meu pare m&#8217;hi ha dut sempre d&#8217;en\u00e7\u00e0 que era un nen, ja sigui en diferents bars cl\u00e0ssics de Lleida i arreu, com a la torre d&#8217;un amic seu a les afores de la ciutat, el que diem els lleidatans, la nostra estimada horta. Ara fa pocs anys vaig voler plasmar aquesta passi\u00f3 que encara em perdura a les diferents xarxes socials que administro, sumant m\u00e9s de 72.000 &#8220;followers&#8221; entre elles i essent el perfil d&#8216;Instagram @esmorzarsdeforquilla.cat , la m\u00e9s utilitzada i on acumulo m\u00e9s de 56.000 seguidors. No hi ha cap de setmana que no gaudim d&#8217;una bona taula amb la millor companyia, ja siguin grans familiars o amics i amigues, a qualsevol indret de Lleida, Catalunya o arreu. Avui dia, tenim ressenyes &amp; imatges de m\u00e9s de 250 locals de restauraci\u00f3, que podeu veure en el mapa d&#8217;aquest lloc web. L&#8217;any 2023 i durant la famosa &#8220;firaagost&#8221; de Valls, vaig ser guardonat amb el porr\u00f3 d&#8217;or, com ambaixador del porr\u00f3 catal\u00e0, fita que em va fer molta il\u00b7lusi\u00f3. Benvinguts esmorzadors &amp; esmorzadores, passeu, gaudirem tots plegats!!<\/p>\n","protected":false},"author":1,"featured_media":0,"parent":0,"menu_order":0,"comment_status":"closed","ping_status":"closed","template":"","meta":{"footnotes":""},"class_list":["post-159","page","type-page","status-publish","hentry"],"yoast_head":"<!-- This site is optimized with the Yoast SEO plugin v17.9 - https:\/\/yoast.com\/wordpress\/plugins\/seo\/ -->\n<title>Qui som nosaltres? - \ud835\udd70\ud835\udd98\ud835\udd92\ud835\udd94\ud835\udd97\ud835\udd9f\ud835\udd86\ud835\udd97\ud835\udd98 \ud835\udd89\ud835\udd8a \ud835\udd71\ud835\udd94\ud835\udd97\ud835\udd96\ud835\udd9a\ud835\udd8e\ud835\udd91\ud835\udd91\ud835\udd86 \ud835\udd77\ud835\udd91\ud835\udd8a\ud835\udd8e\ud835\udd89\ud835\udd86 &amp; \ud835\udd6e\ud835\udd86\ud835\udd99\ud835\udd86\ud835\udd91\ud835\udd9a\ud835\udd93\ud835\udd9e\ud835\udd86<\/title>\n<meta name=\"robots\" content=\"index, follow, max-snippet:-1, max-image-preview:large, max-video-preview:-1\" \/>\n<link rel=\"canonical\" href=\"https:\/\/esmorzarsdeforquilla.cat\/index.php\/qui-som-nosaltres\/\" \/>\n<meta property=\"og:locale\" content=\"ca_ES\" \/>\n<meta property=\"og:type\" content=\"article\" \/>\n<meta property=\"og:title\" content=\"Qui som nosaltres? - \ud835\udd70\ud835\udd98\ud835\udd92\ud835\udd94\ud835\udd97\ud835\udd9f\ud835\udd86\ud835\udd97\ud835\udd98 \ud835\udd89\ud835\udd8a \ud835\udd71\ud835\udd94\ud835\udd97\ud835\udd96\ud835\udd9a\ud835\udd8e\ud835\udd91\ud835\udd91\ud835\udd86 \ud835\udd77\ud835\udd91\ud835\udd8a\ud835\udd8e\ud835\udd89\ud835\udd86 &amp; \ud835\udd6e\ud835\udd86\ud835\udd99\ud835\udd86\ud835\udd91\ud835\udd9a\ud835\udd93\ud835\udd9e\ud835\udd86\" \/>\n<meta property=\"og:description\" content=\"El meu nom \u00e9s Jonathan i soc un xicot de Lleida. De ben petit m&#8217;he criat amb els esmorzars de forquilla ben presents, ja que el meu pare m&#8217;hi ha dut sempre d&#8217;en\u00e7\u00e0 que era un nen, ja sigui en diferents bars cl\u00e0ssics de Lleida i arreu, com a la torre d&#8217;un amic seu a les afores de la ciutat, el que diem els lleidatans, la nostra estimada horta. Ara fa pocs anys vaig voler plasmar aquesta passi\u00f3 que encara em perdura a les diferents xarxes socials que administro, sumant m\u00e9s de 72.000 &#8220;followers&#8221; entre elles i essent el perfil d&#8216;Instagram @esmorzarsdeforquilla.cat , la m\u00e9s utilitzada i on acumulo m\u00e9s de 56.000 seguidors. No hi ha cap de setmana que no gaudim d&#8217;una bona taula amb la millor companyia, ja siguin grans familiars o amics i amigues, a qualsevol indret de Lleida, Catalunya o arreu. Avui dia, tenim ressenyes &amp; imatges de m\u00e9s de 250 locals de restauraci\u00f3, que podeu veure en el mapa d&#8217;aquest lloc web. L&#8217;any 2023 i durant la famosa &#8220;firaagost&#8221; de Valls, vaig ser guardonat amb el porr\u00f3 d&#8217;or, com ambaixador del porr\u00f3 catal\u00e0, fita que em va fer molta il\u00b7lusi\u00f3. Benvinguts esmorzadors &amp; esmorzadores, passeu, gaudirem tots plegats!!\" \/>\n<meta property=\"og:url\" content=\"https:\/\/esmorzarsdeforquilla.cat\/index.php\/qui-som-nosaltres\/\" \/>\n<meta property=\"og:site_name\" content=\"\ud835\udd70\ud835\udd98\ud835\udd92\ud835\udd94\ud835\udd97\ud835\udd9f\ud835\udd86\ud835\udd97\ud835\udd98 \ud835\udd89\ud835\udd8a \ud835\udd71\ud835\udd94\ud835\udd97\ud835\udd96\ud835\udd9a\ud835\udd8e\ud835\udd91\ud835\udd91\ud835\udd86 \ud835\udd77\ud835\udd91\ud835\udd8a\ud835\udd8e\ud835\udd89\ud835\udd86 &amp; \ud835\udd6e\ud835\udd86\ud835\udd99\ud835\udd86\ud835\udd91\ud835\udd9a\ud835\udd93\ud835\udd9e\ud835\udd86\" \/>\n<meta property=\"article:modified_time\" content=\"2025-12-09T15:57:03+00:00\" \/>\n<meta property=\"og:image\" content=\"http:\/\/esmorzarsdeforquilla.cat\/wp-content\/uploads\/2022\/01\/cropped-cropped-jonathan-Porro-1.jpg\" \/>\n<meta name=\"twitter:card\" content=\"summary_large_image\" \/>\n<meta name=\"twitter:label1\" content=\"Temps estimat de lectura\" \/>\n\t<meta name=\"twitter:data1\" content=\"2 minuts\" \/>\n<script type=\"application\/ld+json\" class=\"yoast-schema-graph\">{\"@context\":\"https:\/\/schema.org\",\"@graph\":[{\"@type\":\"WebSite\",\"@id\":\"https:\/\/esmorzarsdeforquilla.cat\/#website\",\"url\":\"https:\/\/esmorzarsdeforquilla.cat\/\",\"name\":\"\\ud835\\udd70\\ud835\\udd98\\ud835\\udd92\\ud835\\udd94\\ud835\\udd97\\ud835\\udd9f\\ud835\\udd86\\ud835\\udd97\\ud835\\udd98 \\ud835\\udd89\\ud835\\udd8a \\ud835\\udd71\\ud835\\udd94\\ud835\\udd97\\ud835\\udd96\\ud835\\udd9a\\ud835\\udd8e\\ud835\\udd91\\ud835\\udd91\\ud835\\udd86 \\ud835\\udd77\\ud835\\udd91\\ud835\\udd8a\\ud835\\udd8e\\ud835\\udd89\\ud835\\udd86 &amp; \\ud835\\udd6e\\ud835\\udd86\\ud835\\udd99\\ud835\\udd86\\ud835\\udd91\\ud835\\udd9a\\ud835\\udd93\\ud835\\udd9e\\ud835\\udd86\",\"description\":\"\\ud835\\udd70\\ud835\\udd91\\ud835\\udd98 \\ud835\\udd92\\ud835\\udd8e\\ud835\\udd91\\ud835\\udd91\\ud835\\udd94\\ud835\\udd97\\ud835\\udd98 \\ud835\\udd8a\\ud835\\udd98\\ud835\\udd92\\ud835\\udd94\\ud835\\udd97\\ud835\\udd9f\\ud835\\udd86\\ud835\\udd97\\ud835\\udd98 \\ud835\\udd89\\ud835\\udd8a \\ud835\\udd8b\\ud835\\udd94\\ud835\\udd97\\ud835\\udd96\\ud835\\udd9a\\ud835\\udd8e\\ud835\\udd91\\ud835\\udd91\\ud835\\udd86 \\ud835\\udd86 \\ud835\\udd77\\ud835\\udd91\\ud835\\udd8a\\ud835\\udd8e\\ud835\\udd89\\ud835\\udd86, \\ud835\\udd6e\\ud835\\udd86\\ud835\\udd99\\ud835\\udd86\\ud835\\udd91\\ud835\\udd9a\\ud835\\udd93\\ud835\\udd9e\\ud835\\udd86 \\ud835\\udd8e \\ud835\\udd86\\ud835\\udd97\\ud835\\udd97\\ud835\\udd8a\\ud835\\udd9a\",\"potentialAction\":[{\"@type\":\"SearchAction\",\"target\":{\"@type\":\"EntryPoint\",\"urlTemplate\":\"https:\/\/esmorzarsdeforquilla.cat\/?s={search_term_string}\"},\"query-input\":\"required name=search_term_string\"}],\"inLanguage\":\"ca\"},{\"@type\":\"ImageObject\",\"@id\":\"https:\/\/esmorzarsdeforquilla.cat\/index.php\/qui-som-nosaltres\/#primaryimage\",\"inLanguage\":\"ca\",\"url\":\"http:\/\/esmorzarsdeforquilla.cat\/wp-content\/uploads\/2022\/01\/cropped-cropped-jonathan-Porro-1.jpg\",\"contentUrl\":\"http:\/\/esmorzarsdeforquilla.cat\/wp-content\/uploads\/2022\/01\/cropped-cropped-jonathan-Porro-1.jpg\"},{\"@type\":\"WebPage\",\"@id\":\"https:\/\/esmorzarsdeforquilla.cat\/index.php\/qui-som-nosaltres\/#webpage\",\"url\":\"https:\/\/esmorzarsdeforquilla.cat\/index.php\/qui-som-nosaltres\/\",\"name\":\"Qui som nosaltres? - \\ud835\\udd70\\ud835\\udd98\\ud835\\udd92\\ud835\\udd94\\ud835\\udd97\\ud835\\udd9f\\ud835\\udd86\\ud835\\udd97\\ud835\\udd98 \\ud835\\udd89\\ud835\\udd8a \\ud835\\udd71\\ud835\\udd94\\ud835\\udd97\\ud835\\udd96\\ud835\\udd9a\\ud835\\udd8e\\ud835\\udd91\\ud835\\udd91\\ud835\\udd86 \\ud835\\udd77\\ud835\\udd91\\ud835\\udd8a\\ud835\\udd8e\\ud835\\udd89\\ud835\\udd86 &amp; \\ud835\\udd6e\\ud835\\udd86\\ud835\\udd99\\ud835\\udd86\\ud835\\udd91\\ud835\\udd9a\\ud835\\udd93\\ud835\\udd9e\\ud835\\udd86\",\"isPartOf\":{\"@id\":\"https:\/\/esmorzarsdeforquilla.cat\/#website\"},\"primaryImageOfPage\":{\"@id\":\"https:\/\/esmorzarsdeforquilla.cat\/index.php\/qui-som-nosaltres\/#primaryimage\"},\"datePublished\":\"2022-01-15T10:20:15+00:00\",\"dateModified\":\"2025-12-09T15:57:03+00:00\",\"breadcrumb\":{\"@id\":\"https:\/\/esmorzarsdeforquilla.cat\/index.php\/qui-som-nosaltres\/#breadcrumb\"},\"inLanguage\":\"ca\",\"potentialAction\":[{\"@type\":\"ReadAction\",\"target\":[\"https:\/\/esmorzarsdeforquilla.cat\/index.php\/qui-som-nosaltres\/\"]}]},{\"@type\":\"BreadcrumbList\",\"@id\":\"https:\/\/esmorzarsdeforquilla.cat\/index.php\/qui-som-nosaltres\/#breadcrumb\",\"itemListElement\":[{\"@type\":\"ListItem\",\"position\":1,\"name\":\"Inici\",\"item\":\"https:\/\/esmorzarsdeforquilla.cat\/\"},{\"@type\":\"ListItem\",\"position\":2,\"name\":\"Qui som nosaltres?\"}]}]}<\/script>\n<!-- \/ Yoast SEO plugin. -->","yoast_head_json":{"title":"Qui som nosaltres? - \ud835\udd70\ud835\udd98\ud835\udd92\ud835\udd94\ud835\udd97\ud835\udd9f\ud835\udd86\ud835\udd97\ud835\udd98 \ud835\udd89\ud835\udd8a \ud835\udd71\ud835\udd94\ud835\udd97\ud835\udd96\ud835\udd9a\ud835\udd8e\ud835\udd91\ud835\udd91\ud835\udd86 \ud835\udd77\ud835\udd91\ud835\udd8a\ud835\udd8e\ud835\udd89\ud835\udd86 &amp; \ud835\udd6e\ud835\udd86\ud835\udd99\ud835\udd86\ud835\udd91\ud835\udd9a\ud835\udd93\ud835\udd9e\ud835\udd86","robots":{"index":"index","follow":"follow","max-snippet":"max-snippet:-1","max-image-preview":"max-image-preview:large","max-video-preview":"max-video-preview:-1"},"canonical":"https:\/\/esmorzarsdeforquilla.cat\/index.php\/qui-som-nosaltres\/","og_locale":"ca_ES","og_type":"article","og_title":"Qui som nosaltres? - \ud835\udd70\ud835\udd98\ud835\udd92\ud835\udd94\ud835\udd97\ud835\udd9f\ud835\udd86\ud835\udd97\ud835\udd98 \ud835\udd89\ud835\udd8a \ud835\udd71\ud835\udd94\ud835\udd97\ud835\udd96\ud835\udd9a\ud835\udd8e\ud835\udd91\ud835\udd91\ud835\udd86 \ud835\udd77\ud835\udd91\ud835\udd8a\ud835\udd8e\ud835\udd89\ud835\udd86 &amp; \ud835\udd6e\ud835\udd86\ud835\udd99\ud835\udd86\ud835\udd91\ud835\udd9a\ud835\udd93\ud835\udd9e\ud835\udd86","og_description":"El meu nom \u00e9s Jonathan i soc un xicot de Lleida. De ben petit m&#8217;he criat amb els esmorzars de forquilla ben presents, ja que el meu pare m&#8217;hi ha dut sempre d&#8217;en\u00e7\u00e0 que era un nen, ja sigui en diferents bars cl\u00e0ssics de Lleida i arreu, com a la torre d&#8217;un amic seu a les afores de la ciutat, el que diem els lleidatans, la nostra estimada horta. Ara fa pocs anys vaig voler plasmar aquesta passi\u00f3 que encara em perdura a les diferents xarxes socials que administro, sumant m\u00e9s de 72.000 &#8220;followers&#8221; entre elles i essent el perfil d&#8216;Instagram @esmorzarsdeforquilla.cat , la m\u00e9s utilitzada i on acumulo m\u00e9s de 56.000 seguidors. No hi ha cap de setmana que no gaudim d&#8217;una bona taula amb la millor companyia, ja siguin grans familiars o amics i amigues, a qualsevol indret de Lleida, Catalunya o arreu. Avui dia, tenim ressenyes &amp; imatges de m\u00e9s de 250 locals de restauraci\u00f3, que podeu veure en el mapa d&#8217;aquest lloc web. L&#8217;any 2023 i durant la famosa &#8220;firaagost&#8221; de Valls, vaig ser guardonat amb el porr\u00f3 d&#8217;or, com ambaixador del porr\u00f3 catal\u00e0, fita que em va fer molta il\u00b7lusi\u00f3. Benvinguts esmorzadors &amp; esmorzadores, passeu, gaudirem tots plegats!!","og_url":"https:\/\/esmorzarsdeforquilla.cat\/index.php\/qui-som-nosaltres\/","og_site_name":"\ud835\udd70\ud835\udd98\ud835\udd92\ud835\udd94\ud835\udd97\ud835\udd9f\ud835\udd86\ud835\udd97\ud835\udd98 \ud835\udd89\ud835\udd8a \ud835\udd71\ud835\udd94\ud835\udd97\ud835\udd96\ud835\udd9a\ud835\udd8e\ud835\udd91\ud835\udd91\ud835\udd86 \ud835\udd77\ud835\udd91\ud835\udd8a\ud835\udd8e\ud835\udd89\ud835\udd86 &amp; \ud835\udd6e\ud835\udd86\ud835\udd99\ud835\udd86\ud835\udd91\ud835\udd9a\ud835\udd93\ud835\udd9e\ud835\udd86","article_modified_time":"2025-12-09T15:57:03+00:00","og_image":[{"url":"http:\/\/esmorzarsdeforquilla.cat\/wp-content\/uploads\/2022\/01\/cropped-cropped-jonathan-Porro-1.jpg"}],"twitter_card":"summary_large_image","twitter_misc":{"Temps estimat de lectura":"2 minuts"},"schema":{"@context":"https:\/\/schema.org","@graph":[{"@type":"WebSite","@id":"https:\/\/esmorzarsdeforquilla.cat\/#website","url":"https:\/\/esmorzarsdeforquilla.cat\/","name":"\ud835\udd70\ud835\udd98\ud835\udd92\ud835\udd94\ud835\udd97\ud835\udd9f\ud835\udd86\ud835\udd97\ud835\udd98 \ud835\udd89\ud835\udd8a \ud835\udd71\ud835\udd94\ud835\udd97\ud835\udd96\ud835\udd9a\ud835\udd8e\ud835\udd91\ud835\udd91\ud835\udd86 \ud835\udd77\ud835\udd91\ud835\udd8a\ud835\udd8e\ud835\udd89\ud835\udd86 &amp; \ud835\udd6e\ud835\udd86\ud835\udd99\ud835\udd86\ud835\udd91\ud835\udd9a\ud835\udd93\ud835\udd9e\ud835\udd86","description":"\ud835\udd70\ud835\udd91\ud835\udd98 \ud835\udd92\ud835\udd8e\ud835\udd91\ud835\udd91\ud835\udd94\ud835\udd97\ud835\udd98 \ud835\udd8a\ud835\udd98\ud835\udd92\ud835\udd94\ud835\udd97\ud835\udd9f\ud835\udd86\ud835\udd97\ud835\udd98 \ud835\udd89\ud835\udd8a \ud835\udd8b\ud835\udd94\ud835\udd97\ud835\udd96\ud835\udd9a\ud835\udd8e\ud835\udd91\ud835\udd91\ud835\udd86 \ud835\udd86 \ud835\udd77\ud835\udd91\ud835\udd8a\ud835\udd8e\ud835\udd89\ud835\udd86, \ud835\udd6e\ud835\udd86\ud835\udd99\ud835\udd86\ud835\udd91\ud835\udd9a\ud835\udd93\ud835\udd9e\ud835\udd86 \ud835\udd8e \ud835\udd86\ud835\udd97\ud835\udd97\ud835\udd8a\ud835\udd9a","potentialAction":[{"@type":"SearchAction","target":{"@type":"EntryPoint","urlTemplate":"https:\/\/esmorzarsdeforquilla.cat\/?s={search_term_string}"},"query-input":"required name=search_term_string"}],"inLanguage":"ca"},{"@type":"ImageObject","@id":"https:\/\/esmorzarsdeforquilla.cat\/index.php\/qui-som-nosaltres\/#primaryimage","inLanguage":"ca","url":"http:\/\/esmorzarsdeforquilla.cat\/wp-content\/uploads\/2022\/01\/cropped-cropped-jonathan-Porro-1.jpg","contentUrl":"http:\/\/esmorzarsdeforquilla.cat\/wp-content\/uploads\/2022\/01\/cropped-cropped-jonathan-Porro-1.jpg"},{"@type":"WebPage","@id":"https:\/\/esmorzarsdeforquilla.cat\/index.php\/qui-som-nosaltres\/#webpage","url":"https:\/\/esmorzarsdeforquilla.cat\/index.php\/qui-som-nosaltres\/","name":"Qui som nosaltres? - \ud835\udd70\ud835\udd98\ud835\udd92\ud835\udd94\ud835\udd97\ud835\udd9f\ud835\udd86\ud835\udd97\ud835\udd98 \ud835\udd89\ud835\udd8a \ud835\udd71\ud835\udd94\ud835\udd97\ud835\udd96\ud835\udd9a\ud835\udd8e\ud835\udd91\ud835\udd91\ud835\udd86 \ud835\udd77\ud835\udd91\ud835\udd8a\ud835\udd8e\ud835\udd89\ud835\udd86 &amp; \ud835\udd6e\ud835\udd86\ud835\udd99\ud835\udd86\ud835\udd91\ud835\udd9a\ud835\udd93\ud835\udd9e\ud835\udd86","isPartOf":{"@id":"https:\/\/esmorzarsdeforquilla.cat\/#website"},"primaryImageOfPage":{"@id":"https:\/\/esmorzarsdeforquilla.cat\/index.php\/qui-som-nosaltres\/#primaryimage"},"datePublished":"2022-01-15T10:20:15+00:00","dateModified":"2025-12-09T15:57:03+00:00","breadcrumb":{"@id":"https:\/\/esmorzarsdeforquilla.cat\/index.php\/qui-som-nosaltres\/#breadcrumb"},"inLanguage":"ca","potentialAction":[{"@type":"ReadAction","target":["https:\/\/esmorzarsdeforquilla.cat\/index.php\/qui-som-nosaltres\/"]}]},{"@type":"BreadcrumbList","@id":"https:\/\/esmorzarsdeforquilla.cat\/index.php\/qui-som-nosaltres\/#breadcrumb","itemListElement":[{"@type":"ListItem","position":1,"name":"Inici","item":"https:\/\/esmorzarsdeforquilla.cat\/"},{"@type":"ListItem","position":2,"name":"Qui som nosaltres?"}]}]}},"_links":{"self":[{"href":"https:\/\/esmorzarsdeforquilla.cat\/index.php\/wp-json\/wp\/v2\/pages\/159","targetHints":{"allow":["GET"]}}],"collection":[{"href":"https:\/\/esmorzarsdeforquilla.cat\/index.php\/wp-json\/wp\/v2\/pages"}],"about":[{"href":"https:\/\/esmorzarsdeforquilla.cat\/index.php\/wp-json\/wp\/v2\/types\/page"}],"author":[{"embeddable":true,"href":"https:\/\/esmorzarsdeforquilla.cat\/index.php\/wp-json\/wp\/v2\/users\/1"}],"replies":[{"embeddable":true,"href":"https:\/\/esmorzarsdeforquilla.cat\/index.php\/wp-json\/wp\/v2\/comments?post=159"}],"version-history":[{"count":34,"href":"https:\/\/esmorzarsdeforquilla.cat\/index.php\/wp-json\/wp\/v2\/pages\/159\/revisions"}],"predecessor-version":[{"id":399,"href":"https:\/\/esmorzarsdeforquilla.cat\/index.php\/wp-json\/wp\/v2\/pages\/159\/revisions\/399"}],"wp:attachment":[{"href":"https:\/\/esmorzarsdeforquilla.cat\/index.php\/wp-json\/wp\/v2\/media?parent=159"}],"curies":[{"name":"wp","href":"https:\/\/api.w.org\/{rel}","templated":true}]}}